{"id":256,"date":"2021-10-19T11:36:12","date_gmt":"2021-10-19T11:36:12","guid":{"rendered":"http:\/\/neuwp.heilpraktiker-carmen-bauer.de\/?page_id=256"},"modified":"2025-12-12T13:15:03","modified_gmt":"2025-12-12T13:15:03","slug":"termine","status":"publish","type":"page","link":"https:\/\/heilpraktiker-carmen-bauer.de\/de\/termine\/","title":{"rendered":"Termine"},"content":{"rendered":"<h1>Termin\u00advereinbarung<\/h1>\n<div>\n<p>Vor jeder Art von Therapie ist sowohl ein intensives Gespr\u00e4ch als auch eine genaue Diagnostik sinnvoll und notwendig.<\/p>\n<p>Terminvereinbarung gerne per Telefon, E-Mail oder \u00fcber die <a href=\"#online-buchung\">Online-Buchung<\/a> im grauen Feld.<\/p>\n<\/div>\n<ul>\n<li>\n<div>\n<p>0911-14 40 82 13<\/p>\n<\/div>\n<\/li>\n<li>\n<div>\n<p>0157-31 31 34 15<\/p>\n<\/div>\n<\/li>\n<li>\n<div>\n<p>heilpraktiker@carmen-bauer.com<\/p>\n<\/div>\n<\/li>\n<\/ul>\n<p><img decoding=\"async\" src=\"\/wp-content\/uploads\/2021\/11\/HCB_Termin_Kalender.jpg\" alt=\"Termin Heilpraktiker N\u00fcrnberg\"><\/p>\n<h2>Online-Buchung<\/h2>\n<div>\n<iframe src=\"https:\/\/heilpraktiker-carmen-bauer.de\/de\/wp-json\/ssa\/v1\/embed-inner?integration&type&label&types=ausfuehrliches-erstgespraech%2Cbehandlung%2Chypnose&edit&view&payment_provider&ssa_locale=de_DE_formal&ssa_is_rtl&sid=5af0a538817ceefd009a9fe6132e27f563493377&availability_start_date&availability_end_date&suggest_first_available&suggest_first_available_within_minutes&flow&fallback_flow&time_view&date_view&appointment_types_view&version&accent_color&background&padding&font&booking_url=https%3A%2F%2Fheilpraktiker-carmen-bauer.de%2Fde%2Ftermine%2F&booking_post_id=256&booking_title=Termine&_wpnonce=02cdf2f835&redirect_post_id&mepr_membership_id#\/\" height=\"400px\" width=\"100%\" name=\"ssa_booking\" loading=\"eager\" frameborder=\"0\" data-skip-lazy=\"1\" class=\"ssa_booking_iframe skip-lazy\" title=\"Buche eine Uhrzeit\"><\/iframe>\n<\/div>\n<ul>\n<li>\n<\/li>\n<li>\n<p>\n        <a href=\"\/wp-content\/uploads\/2025\/12\/Behandlungsvertrag_Carmen-Bauer.pdf\">Behandlungsvertrag als PDF Download<\/a>\n    <\/p>\n<\/li>\n<\/ul>\n<h2>\u00dcbliche Behandlungskosten<\/h2>\n<ul>\n<li>\n<div>\n<p>Das <strong>ausf\u00fchrliche Erstgespr\u00e4ch<\/strong> dauert ca. <strong>1,5 Stunden<\/strong> und kostet ab <strong>130,- \u20ac<\/strong>. Falls es der Zeitrahmen erlaubt, findet dabei auch bereits eine erste Behandlung statt.<\/p>\n<\/div>\n<\/li>\n<li>\n<div>\n<p>Eine <strong>folgende Behandlungs-\/Befundeinheit<\/strong> dauert ca. 60 Minuten und wird mit 95 \u20ac abgerechnet.<\/p>\n<\/div>\n<\/li>\n<li>\n<div>\n<p><strong>Halbst\u00fcndige Termine<\/strong> wie Kurzgespr\u00e4che, Folge-Akupunkturbehandlungen etc. kosten 55 \u20ac.<\/p>\n<\/div>\n<\/li>\n<li>\n<div>\n<p>Sollten Behandlungen erheblich \u00fcber die Zeit von 60 Minuten hinausgehen, wird pro angefangener Stunde verrechnet.<\/p>\n<\/div>\n<\/li>\n<li>\n<div>\n<p>Die <strong>Kosten\u00fcbernahme<\/strong> durch Privatversicherungen oder Beihilfe h\u00e4ngt vom jeweiligen Vertrag ab. Bitte setzen Sie sich mit Ihrer Versicherung wegen der Kosten\u00fcbernahme in Verbindung, um abzukl\u00e4ren, in welchem Umfang sie die Kosten \u00fcbernimmt.<\/p>\n<\/div>\n<\/li>\n<li>\n<div>\n<p>Heilpraktiker-Leistungen werden von den <strong>gesetzlichen Kassen<\/strong> nicht erstattet, allerdings von vielen <strong>privaten Zusatzversicherungen<\/strong>.<\/p>\n<\/div>\n<\/li>\n<li>\n<div>\n<p>Die Abrechnung erfolgt nach der Geb\u00fchrenordnung f\u00fcr Heilpraktiker <strong>Geb\u00fcH<\/strong>.<\/p>\n<\/div>\n<\/li>\n<\/ul>\n<div>\n<p>Wenn Sie einen Termin nicht wahrnehmen k\u00f6nnen, sagen Sie diesen bitte so fr\u00fchzeitig wie m\u00f6glich ab. Stornierungen werden bis 24h zuvor angenommen. Bitte haben Sie Verst\u00e4ndnis daf\u00fcr, dass kurzfristig abgesagte Termine in Rechnung gestellt werden.<\/p>\n<\/div>\n<p><!--more--><br \/>\n<!-- {\"name\":\"Therapie\",\"type\":\"layout\",\"children\":[{\"name\":\"Termin\",\"type\":\"section\",\"props\":{\"image_position\":\"center-center\",\"padding_remove_bottom\":true,\"style\":\"default\",\"title_breakpoint\":\"xl\",\"title_position\":\"center-left\",\"title_rotation\":\"left\",\"vertical_align\":\"\",\"width\":\"\"},\"children\":[{\"type\":\"row\",\"props\":{\"layout\":\"1-2,1-2\",\"width\":\"expand\"},\"children\":[{\"type\":\"column\",\"props\":{\"image_position\":\"center-center\",\"position_sticky_breakpoint\":\"m\",\"vertical_align\":\"middle\",\"width_medium\":\"1-2\"},\"children\":[{\"type\":\"headline\",\"props\":{\"block_align\":\"center\",\"content\":\"Termin\\u00advereinbarung\",\"maxwidth\":\"large\",\"text_align\":\"left\",\"text_align_breakpoint\":\"m\",\"text_align_fallback\":\"center\",\"title_color\":\"primary\",\"title_element\":\"h1\",\"title_style\":\"h1\"}},{\"type\":\"text\",\"props\":{\"block_align\":\"center\",\"column_breakpoint\":\"m\",\"content\":\"\n\n<p>Vor jeder Art von Therapie ist sowohl ein intensives Gespr\\u00e4ch als auch eine genaue Diagnostik sinnvoll und notwendig.<\\\/p>\\n\n\n<p>Terminvereinbarung gerne per Telefon, E-Mail oder \\u00fcber die <a href=\\\"#online-buchung\\\">Online-Buchung<\\\/a> im grauen Feld.<\\\/p>\",\"margin\":\"default\",\"maxwidth\":\"large\"}},{\"type\":\"list\",\"props\":{\"block_align\":\"center\",\"column_breakpoint\":\"m\",\"content_style\":\"h5\",\"icon\":\"play\",\"icon_color\":\"primary\",\"icon_width\":\"30\",\"image_align\":\"left\",\"image_svg_color\":\"emphasis\",\"image_vertical_align\":true,\"list_element\":\"ul\",\"list_horizontal_separator\":\", \",\"list_size\":\"large\",\"list_type\":\"vertical\",\"maxwidth\":\"large\",\"show_image\":true,\"show_link\":true},\"children\":[{\"type\":\"list_item\",\"props\":{\"content\":\"\n\n<p>0911-14 40 82 13<\\\/p>\",\"icon\":\"receiver\",\"icon_color\":\"primary\"}},{\"type\":\"list_item\",\"props\":{\"content\":\"\n\n<p>0157-31 31 34 15<\\\/p>\",\"icon\":\"phone\"}},{\"type\":\"list_item\",\"props\":{\"content\":\"\n\n<p>heilpraktiker@carmen-bauer.com<\\\/p>\",\"icon\":\"mail\"}}]}]},{\"type\":\"column\",\"props\":{\"image_position\":\"center-center\",\"position_sticky_breakpoint\":\"m\",\"style\":\"tile-primary\",\"vertical_align\":\"middle\",\"width_medium\":\"1-2\"},\"children\":[{\"type\":\"image\",\"props\":{\"animation\":\"parallax\",\"image\":\"wp-content\\\/uploads\\\/2021\\\/11\\\/HCB_Termin_Kalender.jpg\",\"image_alt\":\"Termin Heilpraktiker N\\u00fcrnberg\",\"image_svg_color\":\"emphasis\",\"image_width\":\"840\",\"margin\":\"default\",\"parallax_breakpoint\":\"l\",\"parallax_easing\":\"1\",\"parallax_x\":\"-100,-50\"}}]}]}]},{\"name\":\"Formular\",\"type\":\"section\",\"props\":{\"image_position\":\"center-center\",\"padding_remove_bottom\":true,\"padding_remove_top\":false,\"style\":\"default\",\"title_breakpoint\":\"xl\",\"title_position\":\"center-left\",\"title_rotation\":\"left\",\"vertical_align\":\"\",\"width\":\"\"},\"children\":[{\"type\":\"row\",\"props\":{\"layout\":\"1-2,1-2\",\"width\":\"expand\"},\"children\":[{\"type\":\"column\",\"props\":{\"image_position\":\"center-center\",\"position_sticky_breakpoint\":\"m\",\"style\":\"tile-muted\",\"width_medium\":\"1-2\"},\"children\":[{\"type\":\"headline\",\"props\":{\"content\":\"Online-Buchung\",\"id\":\"online-buchung\",\"margin_remove_bottom\":false,\"text_align\":\"left\",\"title_color\":\"primary\",\"title_element\":\"h2\",\"title_style\":\"h1\"}},{\"type\":\"text\",\"props\":{\"column_breakpoint\":\"m\",\"content\":\"\n\n<p>[ssa_booking types=\\\"ausfuehrliches-erstgespraech,behandlung,hypnose\\\" ssa_locale=\\\"de_DE_formal\\\"]<\\\/p>\",\"margin\":\"default\",\"text_align\":\"center\"}},{\"type\":\"button\",\"props\":{\"grid_column_gap\":\"small\",\"grid_row_gap\":\"small\",\"margin\":\"default\",\"text_align\":\"center\"},\"children\":[{\"type\":\"button_item\",\"props\":{\"button_style\":\"default\",\"dialog_layout\":\"modal\",\"dialog_offcanvas_flip\":true,\"icon_align\":\"left\",\"link\":\"wp-content\\\/uploads\\\/2025\\\/12\\\/Behandlungsvertrag_Carmen-Bauer-1.pdf\",\"link_title\":\"Behandlungsvertrag_Carmen Bauer\"}},{\"type\":\"button_item\",\"props\":{\"button_style\":\"default\",\"content\":\"Behandlungsvertrag als PDF Download\",\"dialog_layout\":\"modal\",\"dialog_offcanvas_flip\":true,\"icon_align\":\"left\",\"link\":\"wp-content\\\/uploads\\\/2025\\\/12\\\/Behandlungsvertrag_Carmen-Bauer.pdf\"}}]}]},{\"type\":\"column\",\"props\":{\"image_position\":\"center-center\",\"position_sticky_breakpoint\":\"m\",\"width_medium\":\"1-2\"},\"children\":[{\"type\":\"headline\",\"props\":{\"block_align\":\"center\",\"content\":\"\\u00dcbliche Behandlungskosten\",\"maxwidth\":\"large\",\"text_align\":\"left\",\"text_align_breakpoint\":\"m\",\"text_align_fallback\":\"center\",\"title_color\":\"primary\",\"title_element\":\"h2\",\"title_style\":\"h5\"}},{\"type\":\"list\",\"props\":{\"block_align\":\"center\",\"column_breakpoint\":\"m\",\"icon_color\":\"primary\",\"image_align\":\"left\",\"image_svg_color\":\"emphasis\",\"image_vertical_align\":true,\"list_element\":\"ul\",\"list_horizontal_separator\":\", \",\"list_type\":\"vertical\",\"maxwidth\":\"large\",\"show_image\":true,\"show_link\":true},\"children\":[{\"type\":\"list_item\",\"props\":{\"content\":\"\n\n<p>Das <strong>ausf\\u00fchrliche Erstgespr\\u00e4ch<\\\/strong> dauert ca. <strong>1,5 Stunden<\\\/strong> und kostet ab <strong>130,- \\u20ac<\\\/strong>. Falls es der Zeitrahmen erlaubt, findet dabei auch bereits eine erste Behandlung statt.<\\\/p>\",\"icon\":\"\"}},{\"type\":\"list_item\",\"props\":{\"content\":\"\n\n<p>Eine <strong>folgende Behandlungs-\\\/Befundeinheit<\\\/strong> dauert ca. 60 Minuten und wird mit 95 \\u20ac abgerechnet.<\\\/p>\"}},{\"type\":\"list_item\",\"props\":{\"content\":\"\n\n<p><strong>Halbst\\u00fcndige Termine<\\\/strong> wie Kurzgespr\\u00e4che, Folge-Akupunkturbehandlungen etc. kosten 55 \\u20ac.<\\\/p>\"}},{\"type\":\"list_item\",\"props\":{\"content\":\"\n\n<p>Sollten Behandlungen erheblich \\u00fcber die Zeit von 60 Minuten hinausgehen, wird pro angefangener Stunde verrechnet.<\\\/p>\"}},{\"type\":\"list_item\",\"props\":{\"content\":\"\n\n<p>Die <strong>Kosten\\u00fcbernahme<\\\/strong> durch Privatversicherungen oder Beihilfe h\\u00e4ngt vom jeweiligen Vertrag ab. Bitte setzen Sie sich mit Ihrer Versicherung wegen der Kosten\\u00fcbernahme in Verbindung, um abzukl\\u00e4ren, in welchem Umfang sie die Kosten \\u00fcbernimmt.<\\\/p>\"}},{\"type\":\"list_item\",\"props\":{\"content\":\"\n\n<p>Heilpraktiker-Leistungen werden von den <strong>gesetzlichen Kassen<\\\/strong> nicht erstattet, allerdings von vielen <strong>privaten Zusatzversicherungen<\\\/strong>.<\\\/p>\"}},{\"type\":\"list_item\",\"props\":{\"content\":\"\n\n<p>Die Abrechnung erfolgt nach der Geb\\u00fchrenordnung f\\u00fcr Heilpraktiker <strong>Geb\\u00fcH<\\\/strong>.<\\\/p>\"}}],\"modified\":\"2021-10-19T19:32:16.832Z\",\"name\":\"Liste\"},{\"type\":\"text\",\"props\":{\"block_align\":\"center\",\"column_breakpoint\":\"m\",\"content\":\"\n\n<p>Wenn Sie einen Termin nicht wahrnehmen k\\u00f6nnen, sagen Sie diesen bitte so fr\\u00fchzeitig wie m\\u00f6glich ab. Stornierungen werden bis 24h zuvor angenommen. Bitte haben Sie Verst\\u00e4ndnis daf\\u00fcr, dass kurzfristig abgesagte Termine in Rechnung gestellt werden.<\\\/p>\",\"margin\":\"default\",\"maxwidth\":\"large\",\"text_style\":\"meta\"}}]}]}]}],\"version\":\"4.5.32\"} --><\/p>\n","protected":false},"excerpt":{"rendered":"<p>Termin\u00advereinbarung Vor jeder Art von Therapie ist sowohl ein intensives Gespr\u00e4ch als auch eine genaue Diagnostik sinnvoll und notwendig. Terminvereinbarung gerne per Telefon, E-Mail oder \u00fcber die Online-Buchung im grauen Feld. 0911-14 40 82 13 0157-31 31 34 15 heilpraktiker@carmen-bauer.com Online-Buchung Behandlungsvertrag als PDF Download \u00dcbliche Behandlungskosten Das ausf\u00fchrliche Erstgespr\u00e4ch dauert ca. 1,5 Stunden und [&hellip;]<\/p>\n","protected":false},"author":2,"featured_media":0,"parent":0,"menu_order":7,"comment_status":"closed","ping_status":"closed","template":"","meta":{"footnotes":""},"class_list":["post-256","page","type-page","status-publish","hentry"],"_links":{"self":[{"href":"https:\/\/heilpraktiker-carmen-bauer.de\/de\/wp-json\/wp\/v2\/pages\/256","targetHints":{"allow":["GET"]}}],"collection":[{"href":"https:\/\/heilpraktiker-carmen-bauer.de\/de\/wp-json\/wp\/v2\/pages"}],"about":[{"href":"https:\/\/heilpraktiker-carmen-bauer.de\/de\/wp-json\/wp\/v2\/types\/page"}],"author":[{"embeddable":true,"href":"https:\/\/heilpraktiker-carmen-bauer.de\/de\/wp-json\/wp\/v2\/users\/2"}],"replies":[{"embeddable":true,"href":"https:\/\/heilpraktiker-carmen-bauer.de\/de\/wp-json\/wp\/v2\/comments?post=256"}],"version-history":[{"count":62,"href":"https:\/\/heilpraktiker-carmen-bauer.de\/de\/wp-json\/wp\/v2\/pages\/256\/revisions"}],"predecessor-version":[{"id":992,"href":"https:\/\/heilpraktiker-carmen-bauer.de\/de\/wp-json\/wp\/v2\/pages\/256\/revisions\/992"}],"wp:attachment":[{"href":"https:\/\/heilpraktiker-carmen-bauer.de\/de\/wp-json\/wp\/v2\/media?parent=256"}],"curies":[{"name":"wp","href":"https:\/\/api.w.org\/{rel}","templated":true}]}}