{"id":322,"date":"2021-10-20T10:00:20","date_gmt":"2021-10-20T10:00:20","guid":{"rendered":"http:\/\/neuwp.heilpraktiker-carmen-bauer.de\/?page_id=322"},"modified":"2022-05-18T14:22:57","modified_gmt":"2022-05-18T14:22:57","slug":"impressum","status":"publish","type":"page","link":"https:\/\/heilpraktiker-carmen-bauer.de\/it\/impressum\/","title":{"rendered":"Impressum"},"content":{"rendered":"<h1>Impressum<\/h1>\n<div>\n<p>Angaben gem\u00e4\u00df \u00a7 5 TMG<\/p>\n<p>Inhaltlich verantwortlich f\u00fcr diese Internetseite<\/p>\n<\/div>\n<div>\n<p>Carmen Bauer<br \/>Heilpraktikerin<br \/>F\u00fcrther Stra\u00dfe 165<br \/>90429 N\u00fcrnberg<\/p>\n<p>0911-14 40 82 13<br \/>heilpraktiker@carmen-bauer.com<\/p>\n<\/div>\n<p><img decoding=\"async\" src=\"\/wp-content\/uploads\/2021\/10\/HCB_TCM_Tradition.jpg\" alt=\"Tradition der TCM\"><\/p>\n<h2>Berufsangaben<\/h2>\n<h3>Berufsbezeichnung<\/h3>\n<div>\n<p>Gesetzliche Berufsbezeichnung: Heilpraktikerin (Deutschland)<\/p>\n<p>Die T\u00e4tigkeit als Heilpraktiker basiert auf dem \u201eGesetz \u00fcber die berufsm\u00e4\u00dfige Aus\u00fcbung der Heilkunde ohne Bestallung\u201c (<a href=\"http:\/\/www.gesetze-im-internet.de\/heilprg\/index.html\" target=\"_blank\" rel=\"noopener\">Heilpraktikergesetz<\/a>) vom 17.02.1939 und dessen erster <a href=\"http:\/\/www.gesetze-im-internet.de\/heilprgdv_1\/index.html\" target=\"_blank\" rel=\"noopener\">Durchf\u00fchrungsverordnung<\/a>. Berufsst\u00e4ndische Regelungen befinden sich in der Berufsordnung f\u00fcr Heilpraktiker und im Geb\u00fchrenverzeichnis f\u00fcr Heilpraktiker.<\/p>\n<p>Die Erlaubnis zur berufsm\u00e4\u00dfigen Aus\u00fcbung der Heilkunde ohne Bestallung unter der Berufsbezeichnung \u201eHeilpraktikerin\u201c ist am am 07.12.2017 vom Gesundheitsamt der Stadt N\u00fcrnberg erteilt worden.<\/p>\n<\/div>\n<h3>Aufsichtsbeh\u00f6rde<\/h3>\n<div>\n<p>Gesundheitsamt N\u00fcrnberg, Burgstra\u00dfe 4, 90403 N\u00fcrnberg<\/p>\n<\/div>\n<h3>Berufsverb\u00e4nde<\/h3>\n<div>\n<p>Mitglied bei der Arbeitsgemeinschaft f\u00fcr Klassische Akupunktur und Traditionelle Chinesische Medizin e. V. (<a href=\"https:\/\/www.agtcm.de\/index.htm\" target=\"_blank\" rel=\"noopener\">AGTCM e. V.<\/a>)<\/p>\n<p>Mitglied im Verband Deutscher Heilpraktiker e. V. (<a href=\"https:\/\/www.vdh-heilpraktiker.de\/\" target=\"_blank\" rel=\"noopener\">VDH e. V.<\/a>)<\/p>\n<\/div>\n<h2>Bildnachweise<\/h2>\n<div>\n<p>Piktogramme Auto, Bus, Stra\u00dfenbahn (Praxis): <a href=\"https:\/\/www.flaticon.com\/authors\/pictogramer\" target=\"_blank\" rel=\"noopener\">pictogramer<\/a>;<\/p>\n<\/div>\n<h2>Haftungsausschluss<\/h2>\n<h3>Inhalte<\/h3>\n<div>\n<p>Als Diensteanbieter sind wir gem\u00e4\u00df \u00a7 7 Abs.1 TMG f\u00fcr eigene Inhalte auf diesen Seiten nach den allgemeinen Gesetzen verantwortlich. Nach \u00a7\u00a7 8 bis 10 TMG sind wir als Diensteanbieter jedoch nicht verpflichtet, \u00fcbermittelte oder gespeicherte fremde Informationen zu \u00fcberwachen oder nach Umst\u00e4nden zu forschen, die auf eine rechtswidrige T\u00e4tigkeit hinweisen. Verpflichtungen zur Entfernung oder Sperrung der Nutzung von Informationen nach den allgemeinen Gesetzen bleiben hiervon unber\u00fchrt. Eine diesbez\u00fcgliche Haftung ist jedoch erst ab dem Zeitpunkt der Kenntnis einer konkreten Rechtsverletzung m\u00f6glich. Bei Bekanntwerden von entsprechenden Rechtsverletzungen werden wir diese Inhalte umgehend entfernen.<\/p>\n<\/div>\n<h3>Links<\/h3>\n<div>\n<p>Unser Angebot enth\u00e4lt Links zu externen Webseiten Dritter, auf deren Inhalte wir keinen Einfluss haben. Deshalb k\u00f6nnen wir f\u00fcr diese fremden Inhalte auch keine Gew\u00e4hr \u00fcbernehmen. F\u00fcr die Inhalte der verlinkten Seiten ist stets der jeweilige Anbieter oder Betreiber der Seiten verantwortlich. Die verlinkten Seiten wurden zum Zeitpunkt der Verlinkung auf m\u00f6gliche Rechtsverst\u00f6\u00dfe \u00fcberpr\u00fcft. Rechtswidrige Inhalte waren zum Zeitpunkt der Verlinkung nicht erkennbar. Eine permanente inhaltliche Kontrolle der verlinkten Seiten ist jedoch ohne konkrete Anhaltspunkte einer Rechtsverletzung nicht zumutbar. Bei Bekanntwerden von Rechtsverletzungen werden wir derartige Links umgehend entfernen.<\/p>\n<\/div>\n<h3>Urheberrecht<\/h3>\n<div>\n<p>Die durch die Seitenbetreiber erstellten Inhalte und Werke auf diesen Seiten unterliegen dem deutschen Urheberrecht. Die Vervielf\u00e4ltigung, Bearbeitung, Verbreitung und jede Art der Verwertung au\u00dferhalb der Grenzen des Urheberrechtes bed\u00fcrfen der schriftlichen Zustimmung des jeweiligen Autors bzw. Erstellers. Downloads und Kopien dieser Seite sind nur f\u00fcr den privaten, nicht kommerziellen Gebrauch gestattet. Soweit die Inhalte auf dieser Seite nicht vom Betreiber erstellt wurden, werden die Urheberrechte Dritter beachtet. Insbesondere werden Inhalte Dritter als solche gekennzeichnet. Sollten Sie trotzdem auf eine Urheberrechtsverletzung aufmerksam werden, bitten wir um einen entsprechenden Hinweis. Bei Bekanntwerden von Rechtsverletzungen werden wir derartige Inhalte umgehend entfernen.<\/p>\n<\/div>\n<p><!--more--><br \/>\n<!-- {\"name\":\"Therapie\",\"type\":\"layout\",\"children\":[{\"name\":\"Impressum\",\"type\":\"section\",\"props\":{\"style\":\"default\",\"width\":\"\",\"vertical_align\":\"middle\",\"title_position\":\"center-left\",\"title_rotation\":\"left\",\"title_breakpoint\":\"xl\",\"image_position\":\"center-center\",\"title\":\"\",\"padding_remove_bottom\":true},\"children\":[{\"name\":\"\",\"type\":\"row\",\"props\":{\"layout\":\"1-2,1-2\",\"vertical_align\":true,\"width\":\"expand\"},\"children\":[{\"name\":\"\",\"type\":\"column\",\"props\":{\"image_position\":\"center-center\",\"vertical_align\":\"middle\",\"media_overlay_gradient\":\"\",\"width_medium\":\"1-2\",\"position_sticky_breakpoint\":\"m\"},\"children\":[{\"type\":\"headline\",\"props\":{\"title_element\":\"h1\",\"content\":\"Impressum\",\"title_style\":\"h1\",\"title_color\":\"primary\",\"maxwidth\":\"large\",\"block_align\":\"center\",\"text_align\":\"left\",\"text_align_breakpoint\":\"m\",\"text_align_fallback\":\"center\"}},{\"type\":\"text\",\"props\":{\"margin\":\"default\",\"column_breakpoint\":\"m\",\"content\":\"\n\n<p>Angaben gem\\u00e4\\u00df \\u00a7 5 TMG<\\\/p>\\n\n\n<p>Inhaltlich verantwortlich f\\u00fcr diese Internetseite<\\\/p>\",\"maxwidth\":\"large\",\"block_align\":\"center\",\"text_style\":\"meta\"}},{\"type\":\"text\",\"props\":{\"margin\":\"default\",\"column_breakpoint\":\"m\",\"content\":\"\n\n<p>Carmen Bauer<br \\\/>Heilpraktikerin<br \\\/>F\\u00fcrther Stra\\u00dfe 165<br \\\/>90429 N\\u00fcrnberg<\\\/p>\\n\n\n<p>0911-14 40 82 13<br \\\/>heilpraktiker@carmen-bauer.com<\\\/p>\",\"maxwidth\":\"large\",\"block_align\":\"center\"}}]},{\"name\":\"\",\"type\":\"column\",\"props\":{\"image_position\":\"center-center\",\"style\":\"primary\",\"vertical_align\":\"middle\",\"media_overlay_gradient\":\"\",\"width_medium\":\"1-2\",\"position_sticky_breakpoint\":\"m\"},\"children\":[{\"name\":\"\",\"type\":\"image\",\"props\":{\"margin\":\"default\",\"image\":\"wp-content\\\/uploads\\\/2021\\\/10\\\/HCB_TCM_Tradition.jpg\",\"image_width\":\"840\",\"animation\":\"parallax\",\"parallax_x_start\":\"-100\",\"parallax_x_end\":\"-50\",\"parallax_breakpoint\":\"l\",\"image_svg_color\":\"emphasis\",\"image_alt\":\"Tradition der TCM\"}}]}]}]},{\"name\":\"Berufsangaben\",\"type\":\"section\",\"props\":{\"style\":\"default\",\"width\":\"\",\"vertical_align\":\"middle\",\"title_position\":\"center-left\",\"title_rotation\":\"left\",\"title_breakpoint\":\"xl\",\"image_position\":\"center-center\",\"title\":\"\",\"padding_remove_top\":false},\"children\":[{\"name\":\"\",\"type\":\"row\",\"props\":{\"vertical_align\":true,\"width\":\"expand\",\"column_gap\":\"large\",\"row_gap\":\"large\"},\"children\":[{\"name\":\"\",\"type\":\"column\",\"props\":{\"image_position\":\"center-center\",\"vertical_align\":\"middle\",\"media_overlay_gradient\":\"\",\"width_medium\":\"\",\"position_sticky_breakpoint\":\"m\"},\"children\":[{\"type\":\"headline\",\"props\":{\"title_element\":\"h2\",\"content\":\"Berufsangaben\",\"title_style\":\"h3\",\"title_color\":\"primary\",\"block_align\":\"center\",\"text_align\":\"left\",\"text_align_fallback\":\"center\"}},{\"type\":\"headline\",\"props\":{\"title_element\":\"h3\",\"content\":\"Berufsbezeichnung\",\"title_style\":\"h5\",\"title_color\":\"primary\",\"block_align\":\"center\",\"text_align\":\"left\",\"text_align_fallback\":\"center\"}},{\"type\":\"text\",\"props\":{\"margin\":\"default\",\"column_breakpoint\":\"m\",\"content\":\"\n\n<p>Gesetzliche Berufsbezeichnung: Heilpraktikerin (Deutschland)<\\\/p>\\n\n\n<p>Die T\\u00e4tigkeit als Heilpraktiker basiert auf dem \\u201eGesetz \\u00fcber die berufsm\\u00e4\\u00dfige Aus\\u00fcbung der Heilkunde ohne Bestallung\\u201c (<a href=\\\"http:\\\/\\\/www.gesetze-im-internet.de\\\/heilprg\\\/index.html\\\">Heilpraktikergesetz<\\\/a>) vom 17.02.1939 und dessen erster <a href=\\\"http:\\\/\\\/www.gesetze-im-internet.de\\\/heilprgdv_1\\\/index.html\\\">Durchf\\u00fchrungsverordnung<\\\/a>. Berufsst\\u00e4ndische Regelungen befinden sich in der Berufsordnung f\\u00fcr Heilpraktiker und im Geb\\u00fchrenverzeichnis f\\u00fcr Heilpraktiker.<\\\/p>\\n\n\n<p>Die Erlaubnis zur berufsm\\u00e4\\u00dfigen Aus\\u00fcbung der Heilkunde ohne Bestallung unter der Berufsbezeichnung \\u201eHeilpraktikerin\\u201c ist am am 07.12.2017 vom Gesundheitsamt der Stadt N\\u00fcrnberg erteilt worden.<\\\/p>\",\"block_align\":\"center\"}},{\"type\":\"headline\",\"props\":{\"title_element\":\"h3\",\"content\":\"Aufsichtsbeh\\u00f6rde\",\"title_style\":\"h5\",\"title_color\":\"primary\",\"block_align\":\"center\",\"text_align\":\"left\",\"text_align_fallback\":\"center\"}},{\"type\":\"text\",\"props\":{\"margin\":\"default\",\"column_breakpoint\":\"m\",\"content\":\"\n\n<p>Gesundheitsamt N\\u00fcrnberg, Burgstra\\u00dfe 4, 90403 N\\u00fcrnberg<\\\/p>\",\"block_align\":\"center\"}},{\"type\":\"headline\",\"props\":{\"title_element\":\"h3\",\"content\":\"Berufsverb\\u00e4nde\",\"title_style\":\"h5\",\"title_color\":\"primary\",\"block_align\":\"center\",\"text_align\":\"left\",\"text_align_fallback\":\"center\"}},{\"type\":\"text\",\"props\":{\"margin\":\"default\",\"column_breakpoint\":\"m\",\"content\":\"\n\n<p>Mitglied bei der Arbeitsgemeinschaft f\\u00fcr Klassische Akupunktur und Traditionelle Chinesische Medizin e. V. (<a href=\\\"https:\\\/\\\/www.agtcm.de\\\/index.htm\\\">AGTCM e. V.<\\\/a>)<\\\/p>\\n\n\n<p>Mitglied im Verband Deutscher Heilpraktiker e. V. (<a href=\\\"https:\\\/\\\/www.vdh-heilpraktiker.de\\\/\\\">VDH e. V.<\\\/a>)<\\\/p>\",\"block_align\":\"center\"}}]}]}]},{\"name\":\"Bildnachweise\",\"type\":\"section\",\"props\":{\"style\":\"default\",\"width\":\"\",\"vertical_align\":\"middle\",\"title_position\":\"center-left\",\"title_rotation\":\"left\",\"title_breakpoint\":\"xl\",\"image_position\":\"center-center\",\"title\":\"\",\"padding_remove_top\":false},\"children\":[{\"name\":\"\",\"type\":\"row\",\"props\":{\"vertical_align\":true,\"width\":\"expand\",\"column_gap\":\"large\",\"row_gap\":\"large\"},\"children\":[{\"name\":\"\",\"type\":\"column\",\"props\":{\"image_position\":\"center-center\",\"vertical_align\":\"middle\",\"media_overlay_gradient\":\"\",\"width_medium\":\"\",\"position_sticky_breakpoint\":\"m\"},\"children\":[{\"type\":\"headline\",\"props\":{\"title_element\":\"h2\",\"content\":\"Bildnachweise\",\"title_style\":\"h3\",\"title_color\":\"primary\",\"block_align\":\"center\",\"text_align\":\"left\",\"text_align_fallback\":\"center\"}},{\"type\":\"text\",\"props\":{\"margin\":\"default\",\"column_breakpoint\":\"m\",\"content\":\"\n\n<p>Piktogramme Auto, Bus, Stra\\u00dfenbahn (Praxis): <a href=\\\"https:\\\/\\\/www.flaticon.com\\\/authors\\\/pictogramer\\\">pictogramer<\\\/a>;<\\\/p>\",\"block_align\":\"center\"}}]}]}]},{\"name\":\"Haftungsausschluss\",\"type\":\"section\",\"props\":{\"style\":\"default\",\"width\":\"\",\"vertical_align\":\"middle\",\"title_position\":\"center-left\",\"title_rotation\":\"left\",\"title_breakpoint\":\"xl\",\"image_position\":\"center-center\",\"title\":\"\",\"padding_remove_top\":false,\"padding_remove_bottom\":true},\"children\":[{\"name\":\"\",\"type\":\"row\",\"props\":{\"vertical_align\":true,\"width\":\"expand\",\"column_gap\":\"large\",\"row_gap\":\"large\"},\"children\":[{\"name\":\"\",\"type\":\"column\",\"props\":{\"image_position\":\"center-center\",\"vertical_align\":\"middle\",\"media_overlay_gradient\":\"\",\"width_medium\":\"\",\"position_sticky_breakpoint\":\"m\"},\"children\":[{\"type\":\"headline\",\"props\":{\"title_element\":\"h2\",\"content\":\"Haftungsausschluss\",\"title_style\":\"h3\",\"title_color\":\"primary\",\"block_align\":\"center\",\"text_align\":\"left\",\"text_align_fallback\":\"center\"}},{\"type\":\"headline\",\"props\":{\"title_element\":\"h3\",\"content\":\"Inhalte\",\"title_style\":\"h5\",\"title_color\":\"primary\",\"block_align\":\"center\",\"text_align\":\"left\",\"text_align_fallback\":\"center\"}},{\"type\":\"text\",\"props\":{\"margin\":\"default\",\"column_breakpoint\":\"m\",\"content\":\"\n\n<p>Als Diensteanbieter sind wir gem\\u00e4\\u00df \\u00a7 7 Abs.1 TMG f\\u00fcr eigene Inhalte auf diesen Seiten nach den allgemeinen Gesetzen verantwortlich. Nach \\u00a7\\u00a7 8 bis 10 TMG sind wir als Diensteanbieter jedoch nicht verpflichtet, \\u00fcbermittelte oder gespeicherte fremde Informationen zu \\u00fcberwachen oder nach Umst\\u00e4nden zu forschen, die auf eine rechtswidrige T\\u00e4tigkeit hinweisen. Verpflichtungen zur Entfernung oder Sperrung der Nutzung von Informationen nach den allgemeinen Gesetzen bleiben hiervon unber\\u00fchrt. Eine diesbez\\u00fcgliche Haftung ist jedoch erst ab dem Zeitpunkt der Kenntnis einer konkreten Rechtsverletzung m\\u00f6glich. Bei Bekanntwerden von entsprechenden Rechtsverletzungen werden wir diese Inhalte umgehend entfernen.<\\\/p>\",\"block_align\":\"center\"}},{\"type\":\"headline\",\"props\":{\"title_element\":\"h3\",\"content\":\"Links\",\"title_style\":\"h5\",\"title_color\":\"primary\",\"block_align\":\"center\",\"text_align\":\"left\",\"text_align_fallback\":\"center\"}},{\"type\":\"text\",\"props\":{\"margin\":\"default\",\"column_breakpoint\":\"m\",\"content\":\"\n\n<p>Unser Angebot enth\\u00e4lt Links zu externen Webseiten Dritter, auf deren Inhalte wir keinen Einfluss haben. Deshalb k\\u00f6nnen wir f\\u00fcr diese fremden Inhalte auch keine Gew\\u00e4hr \\u00fcbernehmen. F\\u00fcr die Inhalte der verlinkten Seiten ist stets der jeweilige Anbieter oder Betreiber der Seiten verantwortlich. Die verlinkten Seiten wurden zum Zeitpunkt der Verlinkung auf m\\u00f6gliche Rechtsverst\\u00f6\\u00dfe \\u00fcberpr\\u00fcft. Rechtswidrige Inhalte waren zum Zeitpunkt der Verlinkung nicht erkennbar. Eine permanente inhaltliche Kontrolle der verlinkten Seiten ist jedoch ohne konkrete Anhaltspunkte einer Rechtsverletzung nicht zumutbar. Bei Bekanntwerden von Rechtsverletzungen werden wir derartige Links umgehend entfernen.<\\\/p>\",\"block_align\":\"center\"}},{\"type\":\"headline\",\"props\":{\"title_element\":\"h3\",\"content\":\"Urheberrecht\",\"title_style\":\"h5\",\"title_color\":\"primary\",\"block_align\":\"center\",\"text_align\":\"left\",\"text_align_fallback\":\"center\"}},{\"type\":\"text\",\"props\":{\"margin\":\"default\",\"column_breakpoint\":\"m\",\"content\":\"\n\n<p>Die durch die Seitenbetreiber erstellten Inhalte und Werke auf diesen Seiten unterliegen dem deutschen Urheberrecht. Die Vervielf\\u00e4ltigung, Bearbeitung, Verbreitung und jede Art der Verwertung au\\u00dferhalb der Grenzen des Urheberrechtes bed\\u00fcrfen der schriftlichen Zustimmung des jeweiligen Autors bzw. Erstellers. Downloads und Kopien dieser Seite sind nur f\\u00fcr den privaten, nicht kommerziellen Gebrauch gestattet. Soweit die Inhalte auf dieser Seite nicht vom Betreiber erstellt wurden, werden die Urheberrechte Dritter beachtet. Insbesondere werden Inhalte Dritter als solche gekennzeichnet. Sollten Sie trotzdem auf eine Urheberrechtsverletzung aufmerksam werden, bitten wir um einen entsprechenden Hinweis. Bei Bekanntwerden von Rechtsverletzungen werden wir derartige Inhalte umgehend entfernen.<\\\/p>\",\"block_align\":\"center\"}}]}]}]}],\"version\":\"2.7.21\"} --><\/p>\n","protected":false},"excerpt":{"rendered":"<p>Impressum Angaben gem\u00e4\u00df \u00a7 5 TMG Inhaltlich verantwortlich f\u00fcr diese Internetseite Carmen BauerHeilpraktikerinF\u00fcrther Stra\u00dfe 16590429 N\u00fcrnberg 0911-14 40 82 13heilpraktiker@carmen-bauer.com Berufsangaben Berufsbezeichnung Gesetzliche Berufsbezeichnung: Heilpraktikerin (Deutschland) Die T\u00e4tigkeit als Heilpraktiker basiert auf dem \u201eGesetz \u00fcber die berufsm\u00e4\u00dfige Aus\u00fcbung der Heilkunde ohne Bestallung\u201c (Heilpraktikergesetz) vom 17.02.1939 und dessen erster Durchf\u00fchrungsverordnung. Berufsst\u00e4ndische Regelungen befinden sich in der [&hellip;]<\/p>\n","protected":false},"author":2,"featured_media":0,"parent":0,"menu_order":10,"comment_status":"closed","ping_status":"closed","template":"","meta":{"footnotes":""},"class_list":["post-322","page","type-page","status-publish","hentry"],"_links":{"self":[{"href":"https:\/\/heilpraktiker-carmen-bauer.de\/it\/wp-json\/wp\/v2\/pages\/322","targetHints":{"allow":["GET"]}}],"collection":[{"href":"https:\/\/heilpraktiker-carmen-bauer.de\/it\/wp-json\/wp\/v2\/pages"}],"about":[{"href":"https:\/\/heilpraktiker-carmen-bauer.de\/it\/wp-json\/wp\/v2\/types\/page"}],"author":[{"embeddable":true,"href":"https:\/\/heilpraktiker-carmen-bauer.de\/it\/wp-json\/wp\/v2\/users\/2"}],"replies":[{"embeddable":true,"href":"https:\/\/heilpraktiker-carmen-bauer.de\/it\/wp-json\/wp\/v2\/comments?post=322"}],"version-history":[{"count":19,"href":"https:\/\/heilpraktiker-carmen-bauer.de\/it\/wp-json\/wp\/v2\/pages\/322\/revisions"}],"predecessor-version":[{"id":773,"href":"https:\/\/heilpraktiker-carmen-bauer.de\/it\/wp-json\/wp\/v2\/pages\/322\/revisions\/773"}],"wp:attachment":[{"href":"https:\/\/heilpraktiker-carmen-bauer.de\/it\/wp-json\/wp\/v2\/media?parent=322"}],"curies":[{"name":"wp","href":"https:\/\/api.w.org\/{rel}","templated":true}]}}